{"id":10754,"date":"2016-06-28T14:19:13","date_gmt":"2016-06-28T13:19:13","guid":{"rendered":"http:\/\/vinci-construction-projets.com\/notre-organisation\/"},"modified":"2026-04-20T11:55:45","modified_gmt":"2026-04-20T09:55:45","slug":"nuestra-organizacion","status":"publish","type":"page","link":"https:\/\/www.vinci-construction-projets.com\/es\/la-empresa\/nuestra-organizacion\/","title":{"rendered":"Nuestra organizaci\u00f3n"},"content":{"rendered":"<h5><img loading=\"lazy\" decoding=\"async\" class=\"wp-image-16612 size-full alignright\" src=\"https:\/\/www.vinci-construction-projets.com\/wp-content\/uploads\/2026\/04\/Untitled.png\" alt=\"\" width=\"222\" height=\"222\" \/>St\u00e9phane Abry, presidente<\/h5>\n<p>Nacido en 1970, St\u00e9phane Abry es ingeniero de obras p\u00fablicas. Comenz\u00f3 su carrera en 1991 en Sogea-Satom, en \u00c1frica, como ingeniero de obras, antes de pasar a ocupar el cargo de director de proyectos en operaciones de ingenier\u00eda civil y viaria en \u00c1frica Oriental. En 1998, se incorpor\u00f3 a Sogea Sud como director de grandes proyectos y jefe de centro en Nimes. En 2005, se incorpor\u00f3 a VINCI Construction Grands Projets, pasando director de sector y, m\u00e1s tarde, director operativo, a cargo del desarrollo comercial y el seguimiento operativo de las zonas de Asia, \u00c1frica y Oriente Medio, as\u00ed como de las l\u00edneas de negocio de hidr\u00e1ulica, GNL y Chern\u00f3bil. <br \/>En 2012, se incorpor\u00f3 a Eiffage M\u00e9tal como director general, antes de ser nombrado en 2014 director general adjunto de Eiffage Infrastructures, a cargo de las actividades internacionales. En 2016, se incorpor\u00f3 a Soletanche Bachy como director general adjunto, y luego subdirector ejecutivo en 2018. En enero de 2024, fue nombrado director general de VINCI Construction, a cargo de la divisi\u00f3n de Am\u00e9rica y Ocean\u00eda. Desde marzo de 2026, ocupa el cargo de director general de VINCI Construction, a cargo de la divisi\u00f3n de grandes proyectos, y presidente de VINCI Construction Grands Projets.<\/p>\n<h5><img loading=\"lazy\" decoding=\"async\" class=\"wp-image-14974 alignleft\" src=\"https:\/\/www.vinci-construction-projets.com\/wp-content\/uploads\/2018\/04\/Eric-Chambraud-fradin_Q8A3092_VinciCapture_low_V1-300x295.jpg\" alt=\"\" width=\"223\" height=\"219\" srcset=\"https:\/\/www.vinci-construction-projets.com\/wp-content\/uploads\/2018\/04\/Eric-Chambraud-fradin_Q8A3092_VinciCapture_low_V1-300x295.jpg 300w, https:\/\/www.vinci-construction-projets.com\/wp-content\/uploads\/2018\/04\/Eric-Chambraud-fradin_Q8A3092_VinciCapture_low_V1-768x755.jpg 768w, https:\/\/www.vinci-construction-projets.com\/wp-content\/uploads\/2018\/04\/Eric-Chambraud-fradin_Q8A3092_VinciCapture_low_V1-1024x1007.jpg 1024w, https:\/\/www.vinci-construction-projets.com\/wp-content\/uploads\/2018\/04\/Eric-Chambraud-fradin_Q8A3092_VinciCapture_low_V1-753x740.jpg 753w, https:\/\/www.vinci-construction-projets.com\/wp-content\/uploads\/2018\/04\/Eric-Chambraud-fradin_Q8A3092_VinciCapture_low_V1-400x393.jpg 400w, https:\/\/www.vinci-construction-projets.com\/wp-content\/uploads\/2018\/04\/Eric-Chambraud-fradin_Q8A3092_VinciCapture_low_V1-244x240.jpg 244w, https:\/\/www.vinci-construction-projets.com\/wp-content\/uploads\/2018\/04\/Eric-Chambraud-fradin_Q8A3092_VinciCapture_low_V1-529x520.jpg 529w, https:\/\/www.vinci-construction-projets.com\/wp-content\/uploads\/2018\/04\/Eric-Chambraud-fradin_Q8A3092_VinciCapture_low_V1-346x340.jpg 346w, https:\/\/www.vinci-construction-projets.com\/wp-content\/uploads\/2018\/04\/Eric-Chambraud-fradin_Q8A3092_VinciCapture_low_V1-290x285.jpg 290w, https:\/\/www.vinci-construction-projets.com\/wp-content\/uploads\/2018\/04\/Eric-Chambraud-fradin_Q8A3092_VinciCapture_low_V1-468x460.jpg 468w, https:\/\/www.vinci-construction-projets.com\/wp-content\/uploads\/2018\/04\/Eric-Chambraud-fradin_Q8A3092_VinciCapture_low_V1-386x379.jpg 386w, https:\/\/www.vinci-construction-projets.com\/wp-content\/uploads\/2018\/04\/Eric-Chambraud-fradin_Q8A3092_VinciCapture_low_V1-488x480.jpg 488w, https:\/\/www.vinci-construction-projets.com\/wp-content\/uploads\/2018\/04\/Eric-Chambraud-fradin_Q8A3092_VinciCapture_low_V1-720x708.jpg 720w, https:\/\/www.vinci-construction-projets.com\/wp-content\/uploads\/2018\/04\/Eric-Chambraud-fradin_Q8A3092_VinciCapture_low_V1-356x350.jpg 356w, https:\/\/www.vinci-construction-projets.com\/wp-content\/uploads\/2018\/04\/Eric-Chambraud-fradin_Q8A3092_VinciCapture_low_V1-203x200.jpg 203w, https:\/\/www.vinci-construction-projets.com\/wp-content\/uploads\/2018\/04\/Eric-Chambraud-fradin_Q8A3092_VinciCapture_low_V1-285x280.jpg 285w, https:\/\/www.vinci-construction-projets.com\/wp-content\/uploads\/2018\/04\/Eric-Chambraud-fradin_Q8A3092_VinciCapture_low_V1-376x370.jpg 376w, https:\/\/www.vinci-construction-projets.com\/wp-content\/uploads\/2018\/04\/Eric-Chambraud-fradin_Q8A3092_VinciCapture_low_V1.jpg 1831w\" sizes=\"auto, (max-width: 223px) 100vw, 223px\" \/><br \/>Eric Chambraud,\u00a0director de la estrategia<\/h5>\n<p>Nacido en 1963, Eric Chambraud est\u00e1 titulado por la \u00c9cole Sp\u00e9ciale des Travaux Publics de Par\u00eds. Tras una experiencia como agregado cient\u00edfico de la Embajada de Francia en la URSS, entra en 1991 en GTM International como ingeniero de proyectos y asume la direcci\u00f3n de proyectos primero en la Rep\u00fablica Checa (1991-1994) y m\u00e1s tarde en Rusia (1995-2000), antes de ser nombrado Director de Dumez-GTM para la zona Rusia-CEI.\u00a0En 2001, pasa a ser director de VINCI Construction Grands Projets para la zona Islas Brit\u00e1nicas, a la que se une en 2004 la zona Canad\u00e1 y, posteriormente, en 2005 la zona EEUU.<br \/>En 2011, Eric Chambraud, pasa a ser director de operaciones para las Islas Brit\u00e1nicas, Europa Septentrional, las Am\u00e9ricas, Rusia y obras subterr\u00e1neas.\u00a0En mayo 2018, es nombrado director de la estrategia de VINCI Construction Grands Projets.<\/p>\n<p><img loading=\"lazy\" decoding=\"async\" class=\" wp-image-17562 alignright\" src=\"https:\/\/www.vinci-construction-projets.com\/wp-content\/uploads\/2021\/10\/Sebastien_BLIAUT2-241x300.jpg\" alt=\"\" width=\"188\" height=\"234\" srcset=\"https:\/\/www.vinci-construction-projets.com\/wp-content\/uploads\/2021\/10\/Sebastien_BLIAUT2-241x300.jpg 241w, https:\/\/www.vinci-construction-projets.com\/wp-content\/uploads\/2021\/10\/Sebastien_BLIAUT2-768x957.jpg 768w, https:\/\/www.vinci-construction-projets.com\/wp-content\/uploads\/2021\/10\/Sebastien_BLIAUT2-594x740.jpg 594w, https:\/\/www.vinci-construction-projets.com\/wp-content\/uploads\/2021\/10\/Sebastien_BLIAUT2-385x480.jpg 385w, https:\/\/www.vinci-construction-projets.com\/wp-content\/uploads\/2021\/10\/Sebastien_BLIAUT2-193x240.jpg 193w, https:\/\/www.vinci-construction-projets.com\/wp-content\/uploads\/2021\/10\/Sebastien_BLIAUT2-417x520.jpg 417w, https:\/\/www.vinci-construction-projets.com\/wp-content\/uploads\/2021\/10\/Sebastien_BLIAUT2-273x340.jpg 273w, https:\/\/www.vinci-construction-projets.com\/wp-content\/uploads\/2021\/10\/Sebastien_BLIAUT2-229x285.jpg 229w, https:\/\/www.vinci-construction-projets.com\/wp-content\/uploads\/2021\/10\/Sebastien_BLIAUT2-369x460.jpg 369w, https:\/\/www.vinci-construction-projets.com\/wp-content\/uploads\/2021\/10\/Sebastien_BLIAUT2-578x720.jpg 578w, https:\/\/www.vinci-construction-projets.com\/wp-content\/uploads\/2021\/10\/Sebastien_BLIAUT2-281x350.jpg 281w, https:\/\/www.vinci-construction-projets.com\/wp-content\/uploads\/2021\/10\/Sebastien_BLIAUT2-160x200.jpg 160w, https:\/\/www.vinci-construction-projets.com\/wp-content\/uploads\/2021\/10\/Sebastien_BLIAUT2-285x355.jpg 285w, https:\/\/www.vinci-construction-projets.com\/wp-content\/uploads\/2021\/10\/Sebastien_BLIAUT2-374x466.jpg 374w, https:\/\/www.vinci-construction-projets.com\/wp-content\/uploads\/2021\/10\/Sebastien_BLIAUT2-297x370.jpg 297w, https:\/\/www.vinci-construction-projets.com\/wp-content\/uploads\/2021\/10\/Sebastien_BLIAUT2.jpg 800w\" sizes=\"auto, (max-width: 188px) 100vw, 188px\" \/><\/p>\n<h5>S\u00e9bastien Bliaut,\u00a0director operativo para Entrepose, Europa Central y Europa del Norte<\/h5>\n<p>S\u00e9bastien Bliaut naci\u00f3 en 1969 y se gradu\u00f3 en la Escuela Superior de Electricidad Sup\u00e9lec. Luego de trabajar dos a\u00f1os como jefe de proyectos en la industria electromec\u00e1nica, se incorpor\u00f3 a Dumez-GTM en 1995 como coordinador de estudios y, m\u00e1s tarde, como director de obra en el proyecto del t\u00fanel de \u00d8resund. En el a\u00f1o 2000, fue nombrado director del proyecto de los viaductos de Urbino (Italia), antes de incorporarse a la sede sociall en 2002, donde pas\u00f3 a ocuparse del desarrollo comercial de Europa Central y del sur de Europa. En 2005, abandon\u00f3 VINCI Construction Grands Projets para dirigir varios proyectos de construcci\u00f3n de plantas depuradoras e incineradoras antes de regresar en 2011 para dirigir el sector de Europa del norte. En octubre de 2021, fue nombrado director operativo para Europa Central, Europa del Norte y Benelux, antes de tomar las riendas de las actividades de los\u00a0dep\u00f3sitos GNL en 2023.<\/p>\n<h5><a href=\"https:\/\/www.vinci-construction-projets.com\/es\/la-empresa\/nuestra-organizacion\/005_20230706_l2p_pierre-bourgeois-2\/\"><img loading=\"lazy\" decoding=\"async\" class=\"wp-image-19571 alignleft\" src=\"https:\/\/www.vinci-construction-projets.com\/wp-content\/uploads\/2023\/07\/005_20230706_L2P_Pierre-Bourgeois-758x1024.png\" alt=\"\" width=\"181\" height=\"244\" srcset=\"https:\/\/www.vinci-construction-projets.com\/wp-content\/uploads\/2023\/07\/005_20230706_L2P_Pierre-Bourgeois-758x1024.png 758w, https:\/\/www.vinci-construction-projets.com\/wp-content\/uploads\/2023\/07\/005_20230706_L2P_Pierre-Bourgeois-222x300.png 222w, https:\/\/www.vinci-construction-projets.com\/wp-content\/uploads\/2023\/07\/005_20230706_L2P_Pierre-Bourgeois-768x1038.png 768w, https:\/\/www.vinci-construction-projets.com\/wp-content\/uploads\/2023\/07\/005_20230706_L2P_Pierre-Bourgeois-548x740.png 548w, https:\/\/www.vinci-construction-projets.com\/wp-content\/uploads\/2023\/07\/005_20230706_L2P_Pierre-Bourgeois-355x480.png 355w, https:\/\/www.vinci-construction-projets.com\/wp-content\/uploads\/2023\/07\/005_20230706_L2P_Pierre-Bourgeois-178x240.png 178w, https:\/\/www.vinci-construction-projets.com\/wp-content\/uploads\/2023\/07\/005_20230706_L2P_Pierre-Bourgeois-385x520.png 385w, https:\/\/www.vinci-construction-projets.com\/wp-content\/uploads\/2023\/07\/005_20230706_L2P_Pierre-Bourgeois-252x340.png 252w, https:\/\/www.vinci-construction-projets.com\/wp-content\/uploads\/2023\/07\/005_20230706_L2P_Pierre-Bourgeois-211x285.png 211w, https:\/\/www.vinci-construction-projets.com\/wp-content\/uploads\/2023\/07\/005_20230706_L2P_Pierre-Bourgeois-340x460.png 340w, https:\/\/www.vinci-construction-projets.com\/wp-content\/uploads\/2023\/07\/005_20230706_L2P_Pierre-Bourgeois-533x720.png 533w, https:\/\/www.vinci-construction-projets.com\/wp-content\/uploads\/2023\/07\/005_20230706_L2P_Pierre-Bourgeois-259x350.png 259w, https:\/\/www.vinci-construction-projets.com\/wp-content\/uploads\/2023\/07\/005_20230706_L2P_Pierre-Bourgeois-148x200.png 148w, https:\/\/www.vinci-construction-projets.com\/wp-content\/uploads\/2023\/07\/005_20230706_L2P_Pierre-Bourgeois-281x380.png 281w, https:\/\/www.vinci-construction-projets.com\/wp-content\/uploads\/2023\/07\/005_20230706_L2P_Pierre-Bourgeois-345x466.png 345w, https:\/\/www.vinci-construction-projets.com\/wp-content\/uploads\/2023\/07\/005_20230706_L2P_Pierre-Bourgeois-274x370.png 274w, https:\/\/www.vinci-construction-projets.com\/wp-content\/uploads\/2023\/07\/005_20230706_L2P_Pierre-Bourgeois.png 1338w\" sizes=\"auto, (max-width: 181px) 100vw, 181px\" \/><\/a>Pierre Bourgeois, director de operaciones para\u00a0Asia, construcciones, obras hidr\u00e1ulicas<\/h5>\n<p>Pierre Bourgeois naci\u00f3 en 1960 y se licenci\u00f3 en la \u00c9cole Centrale Paris. Comenz\u00f3 a trabajar en Campenon Bernard en 1986 como ingeniero de obras en la construcci\u00f3n de la central hidroel\u00e9ctrica subterr\u00e1nea del Guavio en Colombia. En 1989 fue nombrado jefe de obra en el proyecto del t\u00fanel de traspaso del Lesotho Highland Water Project y, en 1995, en el proyecto de la presa de Xiaolangdi (China). En los a\u00f1os 2000, fue responsable de la construcci\u00f3n de varias estructuras en la regi\u00f3n de Par\u00eds, como la cubierta de la circunvalaci\u00f3n en la Puerta de Vanves, as\u00ed como tres estructuras de ingenier\u00eda para ADP. En 2010, fue nombrado responsable del sector de Asia y cre\u00f3 la agencia de Hong Kong, construy\u00f3 dos lotes para la l\u00ednea de metro Shatin-Central Link y obtuvo en 2019 el contrato del City Rail Link en Auckland (Nueva Zelanda). En julio de 2023, fue nombrado director de operaciones para Asia, edificaci\u00f3n y obras hidr\u00e1ulicas.<\/p>\n<h5><img loading=\"lazy\" decoding=\"async\" class=\"wp-image-15075 size-full alignright\" src=\"https:\/\/www.vinci-construction-projets.com\/wp-content\/uploads\/2018\/06\/Lionel-Ravix2018.jpg\" alt=\"\" width=\"222\" height=\"222\" srcset=\"https:\/\/www.vinci-construction-projets.com\/wp-content\/uploads\/2018\/06\/Lionel-Ravix2018.jpg 222w, https:\/\/www.vinci-construction-projets.com\/wp-content\/uploads\/2018\/06\/Lionel-Ravix2018-150x150.jpg 150w, https:\/\/www.vinci-construction-projets.com\/wp-content\/uploads\/2018\/06\/Lionel-Ravix2018-200x200.jpg 200w\" sizes=\"auto, (max-width: 222px) 100vw, 222px\" \/>Lionel Ravix, director de operaciones para Francia,\u00a0Europa mediterr\u00e1nea, Reino Unido<\/h5>\n<p>Nacido en 1969, Lionel Ravix est\u00e1 diplomado en el INSA de Lyon. Se incorpora a Campenon Bernard como ingeniero de proyectos al servicio de m\u00e9todos, en 1995, y posteriormente pasa a ser ingeniero de obras en el proyecto del viaducto de Ventabren para el Tren de Alta Velocidad (TGV) Sureste, en 1996. En 1998, se incorpora al proyecto del viaducto de Barrails para la autopista A89, en Gironda, como adjunto al Director de Obra. En 2001, forma parte del Socatop, la obra de cierre de la A86, en el oeste de Par\u00eds, donde se convierte en Director de Obras en 2003. Se traslada a Londres en 2007 como adjunto al Director de Zona, convirti\u00e9ndose en 2011 en Director para la Zona Islas Brit\u00e1nicas. En 2018, es nombrado director de operaciones para Francia, Europa y Rusia, y en 2021\u00a0director de operaciones para Francia,\u00a0Europa mediterr\u00e1nea y Reino Unido.<\/p>\n<h5><img loading=\"lazy\" decoding=\"async\" class=\"wp-image-14995 alignleft\" src=\"https:\/\/www.vinci-construction-projets.com\/wp-content\/uploads\/2018\/04\/Philippe-Tavernier-fradin_Q8A3118_VinciCapture_low_V1-300x296.jpg\" alt=\"\" width=\"223\" height=\"220\" srcset=\"https:\/\/www.vinci-construction-projets.com\/wp-content\/uploads\/2018\/04\/Philippe-Tavernier-fradin_Q8A3118_VinciCapture_low_V1-300x296.jpg 300w, https:\/\/www.vinci-construction-projets.com\/wp-content\/uploads\/2018\/04\/Philippe-Tavernier-fradin_Q8A3118_VinciCapture_low_V1-768x757.jpg 768w, https:\/\/www.vinci-construction-projets.com\/wp-content\/uploads\/2018\/04\/Philippe-Tavernier-fradin_Q8A3118_VinciCapture_low_V1-1024x1009.jpg 1024w, https:\/\/www.vinci-construction-projets.com\/wp-content\/uploads\/2018\/04\/Philippe-Tavernier-fradin_Q8A3118_VinciCapture_low_V1-751x740.jpg 751w, https:\/\/www.vinci-construction-projets.com\/wp-content\/uploads\/2018\/04\/Philippe-Tavernier-fradin_Q8A3118_VinciCapture_low_V1-400x394.jpg 400w, https:\/\/www.vinci-construction-projets.com\/wp-content\/uploads\/2018\/04\/Philippe-Tavernier-fradin_Q8A3118_VinciCapture_low_V1-243x240.jpg 243w, https:\/\/www.vinci-construction-projets.com\/wp-content\/uploads\/2018\/04\/Philippe-Tavernier-fradin_Q8A3118_VinciCapture_low_V1-528x520.jpg 528w, https:\/\/www.vinci-construction-projets.com\/wp-content\/uploads\/2018\/04\/Philippe-Tavernier-fradin_Q8A3118_VinciCapture_low_V1-345x340.jpg 345w, https:\/\/www.vinci-construction-projets.com\/wp-content\/uploads\/2018\/04\/Philippe-Tavernier-fradin_Q8A3118_VinciCapture_low_V1-289x285.jpg 289w, https:\/\/www.vinci-construction-projets.com\/wp-content\/uploads\/2018\/04\/Philippe-Tavernier-fradin_Q8A3118_VinciCapture_low_V1-467x460.jpg 467w, https:\/\/www.vinci-construction-projets.com\/wp-content\/uploads\/2018\/04\/Philippe-Tavernier-fradin_Q8A3118_VinciCapture_low_V1-386x381.jpg 386w, https:\/\/www.vinci-construction-projets.com\/wp-content\/uploads\/2018\/04\/Philippe-Tavernier-fradin_Q8A3118_VinciCapture_low_V1-487x480.jpg 487w, https:\/\/www.vinci-construction-projets.com\/wp-content\/uploads\/2018\/04\/Philippe-Tavernier-fradin_Q8A3118_VinciCapture_low_V1-720x710.jpg 720w, https:\/\/www.vinci-construction-projets.com\/wp-content\/uploads\/2018\/04\/Philippe-Tavernier-fradin_Q8A3118_VinciCapture_low_V1-355x350.jpg 355w, https:\/\/www.vinci-construction-projets.com\/wp-content\/uploads\/2018\/04\/Philippe-Tavernier-fradin_Q8A3118_VinciCapture_low_V1-203x200.jpg 203w, https:\/\/www.vinci-construction-projets.com\/wp-content\/uploads\/2018\/04\/Philippe-Tavernier-fradin_Q8A3118_VinciCapture_low_V1-285x281.jpg 285w, https:\/\/www.vinci-construction-projets.com\/wp-content\/uploads\/2018\/04\/Philippe-Tavernier-fradin_Q8A3118_VinciCapture_low_V1-375x370.jpg 375w, https:\/\/www.vinci-construction-projets.com\/wp-content\/uploads\/2018\/04\/Philippe-Tavernier-fradin_Q8A3118_VinciCapture_low_V1.jpg 1826w\" sizes=\"auto, (max-width: 223px) 100vw, 223px\" \/><\/h5>\n<h5><span style=\"color: #000000;\">Philippe Tavernier, director de operaciones para Catar, \u00c1frica, Medio Oriente y\u00a0Am\u00e9rica Latina<\/span><\/h5>\n<p>Nacido en 1966, Philippe Tavernier se diploma en la \u00c9cole Centrale de Par\u00eds en 1990, entra a trabajar de inmediato en Dumez donde ocupa diferentes puestos en Francia, en Egipto para el metro de El Cairo, y en Grecia, para los puentes Charilaos Trikoupis o <a href=\"http:\/\/vinci-construction-projets.com\/es\/realisations\/puente-rion-antirion\/\">R\u00edo Antirio<\/a>. Tras la fusi\u00f3n de Dumez y GTM, que dio lugar a VINCI, se convierte en director t\u00e9cnico del proyecto de Alta Velocidad CTRL en el Reino Unido, y luego en responsable de un lote de obras antes de ser nombrado director adjunto del proyecto en 2004. En 2005 viaja a Italia para dirigir el proyecto de terminal de GNL de Brindisi. En 2006, se instala en los pa\u00edses del Golfo para dirigir el proyecto de la Presa de <a href=\"http:\/\/vinci-construction-projets.com\/es\/realisations\/wadi-dayqah-dams\/\">Wadi Dayqah<\/a>, en el sultanato de Om\u00e1n. En 2008, se traslada a Catar para poner en marcha el proyecto de <a href=\"http:\/\/vinci-construction-projets.com\/es\/realisations\/lrt-lusail\/\">LRT de la nueva ciudad de Lusail<\/a>, de cuya direcci\u00f3n se har\u00e1 cargo durante ocho a\u00f1os. En abril de 2016, es nombrado director general de QDVC y se incorpora al comit\u00e9 de direcci\u00f3n de VINCI Construction Grands Projets en 2017.<br \/>En mayo 2018, es nombrado director de operaciones para Catar, \u00c1frica y Medio Oriente, y en 2023, director operativo en Qatar, \u00c1frica, Medio Oriente y Am\u00e9rica Latina.<\/p>\n<h5>Marc Roussilhes, director de operaciones para Norteam\u00e9rica<\/h5>\n<p>Nacido en 1967, Marc Roussilhes est\u00e1 graduado en Ingenier\u00eda Civil y Urbanismo por el INSA de Rennes en 1990.<img loading=\"lazy\" decoding=\"async\" class=\" wp-image-20991 alignright\" src=\"https:\/\/www.vinci-construction-projets.com\/wp-content\/uploads\/2026\/02\/Marc-Roussilhes-270x300.png\" alt=\"\" width=\"205\" height=\"228\" srcset=\"https:\/\/www.vinci-construction-projets.com\/wp-content\/uploads\/2026\/02\/Marc-Roussilhes-270x300.png 270w, https:\/\/www.vinci-construction-projets.com\/wp-content\/uploads\/2026\/02\/Marc-Roussilhes-921x1024.png 921w, https:\/\/www.vinci-construction-projets.com\/wp-content\/uploads\/2026\/02\/Marc-Roussilhes-768x854.png 768w, https:\/\/www.vinci-construction-projets.com\/wp-content\/uploads\/2026\/02\/Marc-Roussilhes-1381x1536.png 1381w, https:\/\/www.vinci-construction-projets.com\/wp-content\/uploads\/2026\/02\/Marc-Roussilhes-1842x2048.png 1842w, https:\/\/www.vinci-construction-projets.com\/wp-content\/uploads\/2026\/02\/Marc-Roussilhes-666x740.png 666w, https:\/\/www.vinci-construction-projets.com\/wp-content\/uploads\/2026\/02\/Marc-Roussilhes-400x445.png 400w, https:\/\/www.vinci-construction-projets.com\/wp-content\/uploads\/2026\/02\/Marc-Roussilhes-216x240.png 216w, https:\/\/www.vinci-construction-projets.com\/wp-content\/uploads\/2026\/02\/Marc-Roussilhes-468x520.png 468w, https:\/\/www.vinci-construction-projets.com\/wp-content\/uploads\/2026\/02\/Marc-Roussilhes-306x340.png 306w, https:\/\/www.vinci-construction-projets.com\/wp-content\/uploads\/2026\/02\/Marc-Roussilhes-256x285.png 256w, https:\/\/www.vinci-construction-projets.com\/wp-content\/uploads\/2026\/02\/Marc-Roussilhes-414x460.png 414w, https:\/\/www.vinci-construction-projets.com\/wp-content\/uploads\/2026\/02\/Marc-Roussilhes-386x429.png 386w, https:\/\/www.vinci-construction-projets.com\/wp-content\/uploads\/2026\/02\/Marc-Roussilhes-432x480.png 432w, https:\/\/www.vinci-construction-projets.com\/wp-content\/uploads\/2026\/02\/Marc-Roussilhes-648x720.png 648w, https:\/\/www.vinci-construction-projets.com\/wp-content\/uploads\/2026\/02\/Marc-Roussilhes-315x350.png 315w, https:\/\/www.vinci-construction-projets.com\/wp-content\/uploads\/2026\/02\/Marc-Roussilhes-180x200.png 180w, https:\/\/www.vinci-construction-projets.com\/wp-content\/uploads\/2026\/02\/Marc-Roussilhes-285x317.png 285w, https:\/\/www.vinci-construction-projets.com\/wp-content\/uploads\/2026\/02\/Marc-Roussilhes-333x370.png 333w, https:\/\/www.vinci-construction-projets.com\/wp-content\/uploads\/2026\/02\/Marc-Roussilhes.png 1912w\" sizes=\"auto, (max-width: 205px) 100vw, 205px\" \/><br \/>En ese mismo a\u00f1o se incorpor\u00f3 al grupo Bouygues, en la filial Quille Industrie et G\u00e9nie Civil, donde trabaj\u00f3 durante 12 a\u00f1os, los cuatro \u00faltimos de ellos en Londres.<br \/>De 2003 a 2008, asumi\u00f3 la direcci\u00f3n general de la empresa STIPS, dedicada a obras industriales especializadas en voladuras, demoliciones, desamiantado, trabajos de consolidaci\u00f3n, descontaminaci\u00f3n y reconversi\u00f3n de emplazamientos industriales.<br \/>De 2009 a 2013, fund\u00f3 y desarroll\u00f3 el grupo Elite Ing\u00e9nierie, que cuenta con varias oficinas de estudios especializadas en ciencias geot\u00e9cnicas, asistencia t\u00e9cnica en el sector energ\u00e9tico y coordinaci\u00f3n y direcci\u00f3n de proyectos de construcci\u00f3n.<br \/>A finales de 2013, se incorpor\u00f3 a VINCI Construction Grands Projets para asumir la direcci\u00f3n del proyecto Oil &amp; Gaz de Yamal en Siberia y, tras regresar a Francia, dirigi\u00f3 la construcci\u00f3n del proyecto Eole en La D\u00e9fense.<br \/>De junio de 2020 a junio de 2025, asumi\u00f3 la direcci\u00f3n de la producci\u00f3n de la obra de HS2 en Birmingham.<br \/>En junio de 2025, fue nombrado director de operaciones para Norteam\u00e9rica.<\/p>\n<h5>\u00c9tienne Renard, director de recursos humanos<img loading=\"lazy\" decoding=\"async\" class=\"size-medium wp-image-20783 alignleft\" src=\"https:\/\/www.vinci-construction-projets.com\/wp-content\/uploads\/2025\/10\/ER1-1-300x287.jpg\" alt=\"\" width=\"300\" height=\"287\" srcset=\"https:\/\/www.vinci-construction-projets.com\/wp-content\/uploads\/2025\/10\/ER1-1-300x287.jpg 300w, https:\/\/www.vinci-construction-projets.com\/wp-content\/uploads\/2025\/10\/ER1-1-1024x980.jpg 1024w, https:\/\/www.vinci-construction-projets.com\/wp-content\/uploads\/2025\/10\/ER1-1-768x735.jpg 768w, https:\/\/www.vinci-construction-projets.com\/wp-content\/uploads\/2025\/10\/ER1-1-773x740.jpg 773w, https:\/\/www.vinci-construction-projets.com\/wp-content\/uploads\/2025\/10\/ER1-1-400x383.jpg 400w, https:\/\/www.vinci-construction-projets.com\/wp-content\/uploads\/2025\/10\/ER1-1-251x240.jpg 251w, https:\/\/www.vinci-construction-projets.com\/wp-content\/uploads\/2025\/10\/ER1-1-544x520.jpg 544w, https:\/\/www.vinci-construction-projets.com\/wp-content\/uploads\/2025\/10\/ER1-1-355x340.jpg 355w, https:\/\/www.vinci-construction-projets.com\/wp-content\/uploads\/2025\/10\/ER1-1-298x285.jpg 298w, https:\/\/www.vinci-construction-projets.com\/wp-content\/uploads\/2025\/10\/ER1-1-481x460.jpg 481w, https:\/\/www.vinci-construction-projets.com\/wp-content\/uploads\/2025\/10\/ER1-1-386x369.jpg 386w, https:\/\/www.vinci-construction-projets.com\/wp-content\/uploads\/2025\/10\/ER1-1-502x480.jpg 502w, https:\/\/www.vinci-construction-projets.com\/wp-content\/uploads\/2025\/10\/ER1-1-720x689.jpg 720w, https:\/\/www.vinci-construction-projets.com\/wp-content\/uploads\/2025\/10\/ER1-1-366x350.jpg 366w, https:\/\/www.vinci-construction-projets.com\/wp-content\/uploads\/2025\/10\/ER1-1-209x200.jpg 209w, https:\/\/www.vinci-construction-projets.com\/wp-content\/uploads\/2025\/10\/ER1-1-285x273.jpg 285w, https:\/\/www.vinci-construction-projets.com\/wp-content\/uploads\/2025\/10\/ER1-1-387x370.jpg 387w, https:\/\/www.vinci-construction-projets.com\/wp-content\/uploads\/2025\/10\/ER1-1.jpg 1479w\" sizes=\"auto, (max-width: 300px) 100vw, 300px\" \/><\/h5>\n<p>\u00c9tienne Renard es licenciado por el IEP de Par\u00eds y tiene un posgrado en recursos humanos por el CIFFOP. Ha desarrollado toda su carrera profesional en el \u00e1mbito de los recursos humanos: en el grupo SHELL, donde se encarg\u00f3 de tareas de desarrollo de recursos humanos a nivel internacional al inicio de su carrera, y posteriormente en Bouygues Construction, como director de recursos humanos de entidades especializadas en construcci\u00f3n y obras p\u00fablicas.<\/p>\n<p>En 2011, fue nombrado director de recursos humanos de Bouygues Travaux Publics, posteriormente, del Polo de Obras P\u00fablicas de Bouygues Construction. Posteriormente, \u00c9tienne Renard pas\u00f3 a ser director de recursos humanos del grupo ORTEC en 2023, antes de incorporarse al grupo VINCI en 2025 y asumir la responsabilidad de la direcci\u00f3n de recursos humanos de VINCI Construction Grands Projets y de la divisi\u00f3n de grandes proyectos.<\/p>\n<h5><span style=\"color: #000000;\"><img loading=\"lazy\" decoding=\"async\" class=\"wp-image-14983 alignright\" src=\"https:\/\/www.vinci-construction-projets.com\/wp-content\/uploads\/2018\/04\/Jean-Luc-Toris-fradin_Q8A3038_VinciCapture_low_V1-300x300.jpg\" alt=\"\" width=\"223\" height=\"223\" srcset=\"https:\/\/www.vinci-construction-projets.com\/wp-content\/uploads\/2018\/04\/Jean-Luc-Toris-fradin_Q8A3038_VinciCapture_low_V1-300x300.jpg 300w, https:\/\/www.vinci-construction-projets.com\/wp-content\/uploads\/2018\/04\/Jean-Luc-Toris-fradin_Q8A3038_VinciCapture_low_V1-150x150.jpg 150w, https:\/\/www.vinci-construction-projets.com\/wp-content\/uploads\/2018\/04\/Jean-Luc-Toris-fradin_Q8A3038_VinciCapture_low_V1-768x770.jpg 768w, https:\/\/www.vinci-construction-projets.com\/wp-content\/uploads\/2018\/04\/Jean-Luc-Toris-fradin_Q8A3038_VinciCapture_low_V1-1022x1024.jpg 1022w, https:\/\/www.vinci-construction-projets.com\/wp-content\/uploads\/2018\/04\/Jean-Luc-Toris-fradin_Q8A3038_VinciCapture_low_V1-738x740.jpg 738w, https:\/\/www.vinci-construction-projets.com\/wp-content\/uploads\/2018\/04\/Jean-Luc-Toris-fradin_Q8A3038_VinciCapture_low_V1-400x401.jpg 400w, https:\/\/www.vinci-construction-projets.com\/wp-content\/uploads\/2018\/04\/Jean-Luc-Toris-fradin_Q8A3038_VinciCapture_low_V1-239x240.jpg 239w, https:\/\/www.vinci-construction-projets.com\/wp-content\/uploads\/2018\/04\/Jean-Luc-Toris-fradin_Q8A3038_VinciCapture_low_V1-519x520.jpg 519w, https:\/\/www.vinci-construction-projets.com\/wp-content\/uploads\/2018\/04\/Jean-Luc-Toris-fradin_Q8A3038_VinciCapture_low_V1-339x340.jpg 339w, https:\/\/www.vinci-construction-projets.com\/wp-content\/uploads\/2018\/04\/Jean-Luc-Toris-fradin_Q8A3038_VinciCapture_low_V1-284x285.jpg 284w, https:\/\/www.vinci-construction-projets.com\/wp-content\/uploads\/2018\/04\/Jean-Luc-Toris-fradin_Q8A3038_VinciCapture_low_V1-459x460.jpg 459w, https:\/\/www.vinci-construction-projets.com\/wp-content\/uploads\/2018\/04\/Jean-Luc-Toris-fradin_Q8A3038_VinciCapture_low_V1-386x387.jpg 386w, https:\/\/www.vinci-construction-projets.com\/wp-content\/uploads\/2018\/04\/Jean-Luc-Toris-fradin_Q8A3038_VinciCapture_low_V1-479x480.jpg 479w, https:\/\/www.vinci-construction-projets.com\/wp-content\/uploads\/2018\/04\/Jean-Luc-Toris-fradin_Q8A3038_VinciCapture_low_V1-718x720.jpg 718w, https:\/\/www.vinci-construction-projets.com\/wp-content\/uploads\/2018\/04\/Jean-Luc-Toris-fradin_Q8A3038_VinciCapture_low_V1-349x350.jpg 349w, https:\/\/www.vinci-construction-projets.com\/wp-content\/uploads\/2018\/04\/Jean-Luc-Toris-fradin_Q8A3038_VinciCapture_low_V1-200x200.jpg 200w, https:\/\/www.vinci-construction-projets.com\/wp-content\/uploads\/2018\/04\/Jean-Luc-Toris-fradin_Q8A3038_VinciCapture_low_V1-285x286.jpg 285w, https:\/\/www.vinci-construction-projets.com\/wp-content\/uploads\/2018\/04\/Jean-Luc-Toris-fradin_Q8A3038_VinciCapture_low_V1-369x370.jpg 369w, https:\/\/www.vinci-construction-projets.com\/wp-content\/uploads\/2018\/04\/Jean-Luc-Toris-fradin_Q8A3038_VinciCapture_low_V1.jpg 1796w\" sizes=\"auto, (max-width: 223px) 100vw, 223px\" \/><\/span><\/h5>\n<h5>Jean-Luc Toris, director de ingenier\u00eda y medios t\u00e9cnicos<\/h5>\n<p>Jean-Luc Toris, nacido en 1964, est\u00e1 diplomado por la \u00c9cole Centrale de Par\u00eds, con especialidad en obras p\u00fablicas, y concluy\u00f3 sus estudios con un M\u00e1ster en Ingenier\u00eda Industrial y Gesti\u00f3n de la Innovaci\u00f3n Tecnol\u00f3gica.\u00a0En 1989, entra a formar parte de Dumez\u00a0(Direcci\u00f3n Grands Obras de Edificios) y colabora en grandes obras de construcci\u00f3n. En 1994, pasa a ser responsable de sector, intercambiador y t\u00faneles, en el proyecto del BPNL (Carretera de Circunvalaci\u00f3n Norte de Lyon). En 1996, en la obra <a href=\"http:\/\/vinci-construction-projets.com\/es\/realisations\/a86-duplex\/\">SOCATOP<\/a>, es nombrado responsable del sector t\u00fanel Este y asume luego, en 2003, la direcci\u00f3n del intercambiador de Rueil-Malmaison.<br \/>En noviembre de 2006, VINCI Construction Grands Projets le conf\u00eda la direcci\u00f3n de ingenier\u00eda y medios t\u00e9cnicos.<\/p>\n<h5>Arnaud Brel, director de calidad, seguridad, medio ambiente e inform\u00e1tica<\/h5>\n<h5><img loading=\"lazy\" decoding=\"async\" class=\"wp-image-14971 alignleft\" src=\"https:\/\/www.vinci-construction-projets.com\/wp-content\/uploads\/2018\/04\/Arnaud-Brel-fradin_Q8A3191_VinciCapture_low_V1-300x294.jpg\" alt=\"\" width=\"224\" height=\"219\" srcset=\"https:\/\/www.vinci-construction-projets.com\/wp-content\/uploads\/2018\/04\/Arnaud-Brel-fradin_Q8A3191_VinciCapture_low_V1-300x294.jpg 300w, https:\/\/www.vinci-construction-projets.com\/wp-content\/uploads\/2018\/04\/Arnaud-Brel-fradin_Q8A3191_VinciCapture_low_V1-768x752.jpg 768w, https:\/\/www.vinci-construction-projets.com\/wp-content\/uploads\/2018\/04\/Arnaud-Brel-fradin_Q8A3191_VinciCapture_low_V1-1024x1002.jpg 1024w, https:\/\/www.vinci-construction-projets.com\/wp-content\/uploads\/2018\/04\/Arnaud-Brel-fradin_Q8A3191_VinciCapture_low_V1-756x740.jpg 756w, https:\/\/www.vinci-construction-projets.com\/wp-content\/uploads\/2018\/04\/Arnaud-Brel-fradin_Q8A3191_VinciCapture_low_V1-400x392.jpg 400w, https:\/\/www.vinci-construction-projets.com\/wp-content\/uploads\/2018\/04\/Arnaud-Brel-fradin_Q8A3191_VinciCapture_low_V1-245x240.jpg 245w, https:\/\/www.vinci-construction-projets.com\/wp-content\/uploads\/2018\/04\/Arnaud-Brel-fradin_Q8A3191_VinciCapture_low_V1-531x520.jpg 531w, https:\/\/www.vinci-construction-projets.com\/wp-content\/uploads\/2018\/04\/Arnaud-Brel-fradin_Q8A3191_VinciCapture_low_V1-347x340.jpg 347w, https:\/\/www.vinci-construction-projets.com\/wp-content\/uploads\/2018\/04\/Arnaud-Brel-fradin_Q8A3191_VinciCapture_low_V1-291x285.jpg 291w, https:\/\/www.vinci-construction-projets.com\/wp-content\/uploads\/2018\/04\/Arnaud-Brel-fradin_Q8A3191_VinciCapture_low_V1-470x460.jpg 470w, https:\/\/www.vinci-construction-projets.com\/wp-content\/uploads\/2018\/04\/Arnaud-Brel-fradin_Q8A3191_VinciCapture_low_V1-386x378.jpg 386w, https:\/\/www.vinci-construction-projets.com\/wp-content\/uploads\/2018\/04\/Arnaud-Brel-fradin_Q8A3191_VinciCapture_low_V1-490x480.jpg 490w, https:\/\/www.vinci-construction-projets.com\/wp-content\/uploads\/2018\/04\/Arnaud-Brel-fradin_Q8A3191_VinciCapture_low_V1-720x705.jpg 720w, https:\/\/www.vinci-construction-projets.com\/wp-content\/uploads\/2018\/04\/Arnaud-Brel-fradin_Q8A3191_VinciCapture_low_V1-358x350.jpg 358w, https:\/\/www.vinci-construction-projets.com\/wp-content\/uploads\/2018\/04\/Arnaud-Brel-fradin_Q8A3191_VinciCapture_low_V1-204x200.jpg 204w, https:\/\/www.vinci-construction-projets.com\/wp-content\/uploads\/2018\/04\/Arnaud-Brel-fradin_Q8A3191_VinciCapture_low_V1-285x279.jpg 285w, https:\/\/www.vinci-construction-projets.com\/wp-content\/uploads\/2018\/04\/Arnaud-Brel-fradin_Q8A3191_VinciCapture_low_V1-378x370.jpg 378w, https:\/\/www.vinci-construction-projets.com\/wp-content\/uploads\/2018\/04\/Arnaud-Brel-fradin_Q8A3191_VinciCapture_low_V1.jpg 1839w\" sizes=\"auto, (max-width: 224px) 100vw, 224px\" \/><\/h5>\n<p>Nacido en 1975, Arnaud Brel est\u00e1\u00a0graduado por la Polytech de Grenoble en prevenci\u00f3n de riesgos industriales, higiene, seguridad y medio ambiente. Comenz\u00f3 su carrera profesional en 2001 en Dumez-GTM como responsable del servicio de seguridad en el proyecto de rehabilitaci\u00f3n y modernizaci\u00f3n del t\u00fanel del Mont Blanc.\u00a0De 2001 a 2004, ocupa el puesto de responsable del servicio de calidad, seguridad e inform\u00e1tica de VINCI Construction Grands Projets en la obra del t\u00fanel de Soumagne, en B\u00e9lgica. M\u00e1s adelante es nombrado director de calidad y seguridad de Socaso, una filial de VINCI Construction Grands Projets, jefe de obra de las obras de la A28, la A85, la A11 y de la red en servicio de Cofiroute. En 2006, se convierte en jefe del servicio de calidad y seguridad inform\u00e1tica en la Autopista A19.\u00a0En su calidad de director de calidad, seguridad, medio ambiente e inform\u00e1tica, participa luego en el proyecto de construcci\u00f3n de un t\u00fanel en Detroit, en los Estados Unidos, as\u00ed como en la obra del D\u00faplex A86 desde 2009 hasta finales de 2010. Forma parte de los equipos del proyecto Crossrail en Londres como jefe del servicio de calidad, medio ambiente e inform\u00e1tica a principios de 2011. En 2012, asciende a director de calidad, seguridad y medio ambiente de VINCI Construction Grands Projets.<\/p>\n<h5><a href=\"https:\/\/www.vinci-construction-projets.com\/es\/la-empresa\/nuestra-organizacion\/yoann_cozette-removebg-preview-2\/\" rel=\"attachment wp-att-19656\"><img loading=\"lazy\" decoding=\"async\" class=\"wp-image-19656 alignright\" src=\"https:\/\/www.vinci-construction-projets.com\/wp-content\/uploads\/2023\/09\/Yoann_Cozette-removebg-preview-231x300.png\" alt=\"\" width=\"160\" height=\"208\" srcset=\"https:\/\/www.vinci-construction-projets.com\/wp-content\/uploads\/2023\/09\/Yoann_Cozette-removebg-preview-231x300.png 231w, https:\/\/www.vinci-construction-projets.com\/wp-content\/uploads\/2023\/09\/Yoann_Cozette-removebg-preview-369x480.png 369w, https:\/\/www.vinci-construction-projets.com\/wp-content\/uploads\/2023\/09\/Yoann_Cozette-removebg-preview-184x240.png 184w, https:\/\/www.vinci-construction-projets.com\/wp-content\/uploads\/2023\/09\/Yoann_Cozette-removebg-preview-400x520.png 400w, https:\/\/www.vinci-construction-projets.com\/wp-content\/uploads\/2023\/09\/Yoann_Cozette-removebg-preview-261x340.png 261w, https:\/\/www.vinci-construction-projets.com\/wp-content\/uploads\/2023\/09\/Yoann_Cozette-removebg-preview-219x285.png 219w, https:\/\/www.vinci-construction-projets.com\/wp-content\/uploads\/2023\/09\/Yoann_Cozette-removebg-preview-353x460.png 353w, https:\/\/www.vinci-construction-projets.com\/wp-content\/uploads\/2023\/09\/Yoann_Cozette-removebg-preview-269x350.png 269w, https:\/\/www.vinci-construction-projets.com\/wp-content\/uploads\/2023\/09\/Yoann_Cozette-removebg-preview-154x200.png 154w, https:\/\/www.vinci-construction-projets.com\/wp-content\/uploads\/2023\/09\/Yoann_Cozette-removebg-preview-285x371.png 285w, https:\/\/www.vinci-construction-projets.com\/wp-content\/uploads\/2023\/09\/Yoann_Cozette-removebg-preview-358x466.png 358w, https:\/\/www.vinci-construction-projets.com\/wp-content\/uploads\/2023\/09\/Yoann_Cozette-removebg-preview-284x370.png 284w, https:\/\/www.vinci-construction-projets.com\/wp-content\/uploads\/2023\/09\/Yoann_Cozette-removebg-preview.png 438w\" sizes=\"auto, (max-width: 160px) 100vw, 160px\" \/><\/a>Yoann Cozette, director financiero<\/h5>\n<p>Nacido en 1979, Yoann Cozette es licenciado por HEC Par\u00eds y Sciences Po Par\u00eds. En 2005 se incorpor\u00f3 a VINCI Construction Grands Projets como responsable administrativo y financiero de un proyecto hidr\u00e1ulico en Jamaica. Despu\u00e9s, trabaj\u00f3 en proyectos de edificios en la Rep\u00fablica Checa antes de tomar parte en el primer proyecto de VINCI Construction Grands Projets en Turkmenist\u00e1n. A partir de 2011, fue nombrado responsable administrativo y financiero de direcciones de operaciones y apoy\u00f3 sucesivamente proyectos emblem\u00e1ticos como el Escudo para el sarc\u00f3fago de Chern\u00f3bil en Ucrania, el proyecto Yamal LNG en Siberia, el metro de El Cairo en Egipto, el Grand Paris Express en Francia, la l\u00ednea de tren de alta velocidad HS2 en el Reino Unido y el proyecto Femern en Dinamarca. En 2022, fue nombrado como director financiero adjunto de VINCI Construction Grands Projets. Desde 2023 es director financiero.<\/p>\n<p><img loading=\"lazy\" decoding=\"async\" class=\"wp-image-17387 alignleft\" src=\"https:\/\/www.vinci-construction-projets.com\/wp-content\/uploads\/2021\/06\/PhotoPortraitGJA-Jun21-291x300.jpg\" alt=\"\" width=\"216\" height=\"222\" srcset=\"https:\/\/www.vinci-construction-projets.com\/wp-content\/uploads\/2021\/06\/PhotoPortraitGJA-Jun21-291x300.jpg 291w, https:\/\/www.vinci-construction-projets.com\/wp-content\/uploads\/2021\/06\/PhotoPortraitGJA-Jun21-768x791.jpg 768w, https:\/\/www.vinci-construction-projets.com\/wp-content\/uploads\/2021\/06\/PhotoPortraitGJA-Jun21-994x1024.jpg 994w, https:\/\/www.vinci-construction-projets.com\/wp-content\/uploads\/2021\/06\/PhotoPortraitGJA-Jun21-718x740.jpg 718w, https:\/\/www.vinci-construction-projets.com\/wp-content\/uploads\/2021\/06\/PhotoPortraitGJA-Jun21-400x412.jpg 400w, https:\/\/www.vinci-construction-projets.com\/wp-content\/uploads\/2021\/06\/PhotoPortraitGJA-Jun21-233x240.jpg 233w, https:\/\/www.vinci-construction-projets.com\/wp-content\/uploads\/2021\/06\/PhotoPortraitGJA-Jun21-505x520.jpg 505w, https:\/\/www.vinci-construction-projets.com\/wp-content\/uploads\/2021\/06\/PhotoPortraitGJA-Jun21-330x340.jpg 330w, https:\/\/www.vinci-construction-projets.com\/wp-content\/uploads\/2021\/06\/PhotoPortraitGJA-Jun21-277x285.jpg 277w, https:\/\/www.vinci-construction-projets.com\/wp-content\/uploads\/2021\/06\/PhotoPortraitGJA-Jun21-447x460.jpg 447w, https:\/\/www.vinci-construction-projets.com\/wp-content\/uploads\/2021\/06\/PhotoPortraitGJA-Jun21-386x398.jpg 386w, https:\/\/www.vinci-construction-projets.com\/wp-content\/uploads\/2021\/06\/PhotoPortraitGJA-Jun21-466x480.jpg 466w, https:\/\/www.vinci-construction-projets.com\/wp-content\/uploads\/2021\/06\/PhotoPortraitGJA-Jun21-699x720.jpg 699w, https:\/\/www.vinci-construction-projets.com\/wp-content\/uploads\/2021\/06\/PhotoPortraitGJA-Jun21-340x350.jpg 340w, https:\/\/www.vinci-construction-projets.com\/wp-content\/uploads\/2021\/06\/PhotoPortraitGJA-Jun21-194x200.jpg 194w, https:\/\/www.vinci-construction-projets.com\/wp-content\/uploads\/2021\/06\/PhotoPortraitGJA-Jun21-285x294.jpg 285w, https:\/\/www.vinci-construction-projets.com\/wp-content\/uploads\/2021\/06\/PhotoPortraitGJA-Jun21-359x370.jpg 359w, https:\/\/www.vinci-construction-projets.com\/wp-content\/uploads\/2021\/06\/PhotoPortraitGJA-Jun21.jpg 1000w\" sizes=\"auto, (max-width: 216px) 100vw, 216px\" \/><\/p>\n<h5>Gonzalo Jaspe, director jur\u00eddico<\/h5>\n<p>Gonzalo Jaspe naci\u00f3 en Buenos Aires en Argentina en 1969. Se gradu\u00f3 de abogado en la Universidad de Buenos Aires y es titular de un posgrado en<span class=\"Apple-converted-space\">\u00a0 <\/span>derecho empresarial de la Universidad Pantheon-Assas Paris II. Tras una primera experiencia en firma de abogados, Gonzalo ingres\u00f3 en la ex Groupe GTM en 1998 como asesor legal y trabaj\u00f3 en numerosos grandes proyectos de concesi\u00f3n y construccion alrededor del mundo. En 2010 Gonzalo es nombrado Director Juridico Adjunto de VINCI Construction Grands Projets. Entre 2013 e inicios de 2021 adquiri\u00f3 experiencia practica de terreno como Director de Contratos y Reclamos de dos grandes proyectos de construcci\u00f3n desarrollados en Am\u00e9rica Central y del Sur. En junio de 2021 Gonzalo es nombrado Director Juridico de VINCI Construction Grands Projets.<\/p>\n<p><img loading=\"lazy\" decoding=\"async\" class=\"wp-image-16878 alignright\" src=\"https:\/\/www.vinci-construction-projets.com\/wp-content\/uploads\/2026\/04\/ASR-1.jpg\" alt=\"\" width=\"195\" height=\"211\" \/><\/p>\n<h5>Anne-Sophie Royer, directora de comunicaci\u00f3n<\/h5>\n<p>Anne-Sophie Royer, nacida en 1981, se gradu\u00f3 de una formaci\u00f3n en comunicaci\u00f3n global de empresas en el Instituto Superior de Comunicaci\u00f3n (ISCOM). Comenz\u00f3 su carrera en 2004 en el sector de distribuci\u00f3n de materiales de construcci\u00f3n del Grupo Saint-Gobain, en donde desarroll\u00f3 la comunicaci\u00f3n asociada a numerosas operaciones de crecimiento externo.<br \/>En 2007, se incorpor\u00f3 al grupo VINCI y trabaj\u00f3 para distintas filiales: VINCI Construction Filiales Internationales y luego VINCI Construction Grands Projets. En septiembre de 2014, se incorpor\u00f3 a VINCI Construction Terrassement para convertirse, algunos meses m\u00e1s tarde, en su directora de comunicaci\u00f3n.\u00a0Anne-Sophie Royer defini\u00f3 la estrategia e implement\u00f3 las herramientas de comunicaci\u00f3n internas y externas de la empresa, y despleg\u00f3 una nueva imagen de marca, haciendo hincapi\u00e9 en el \u00e1mbito digital. A principios de abril de 2020, fue nombrada directora de comunicaci\u00f3n de VINCI Construction Grands Projets.<\/p>\n\n\n\n","protected":false},"excerpt":{"rendered":"<p>St\u00e9phane Abry, presidente Nacido en 1970, St\u00e9phane Abry es ingeniero de obras p\u00fablicas. Comenz\u00f3 su carrera en 1991 en Sogea-Satom, en \u00c1frica, como ingeniero de obras, antes de pasar a ocupar el cargo de director de proyectos en operaciones de ingenier\u00eda civil y viaria en \u00c1frica Oriental. En 1998, se incorpor\u00f3 a Sogea Sud como [&hellip;]<\/p>\n","protected":false},"author":17,"featured_media":0,"parent":11202,"menu_order":2,"comment_status":"closed","ping_status":"closed","template":"","meta":{"_acf_changed":false,"footnotes":""},"class_list":["post-10754","page","type-page","status-publish","hentry"],"acf":[],"_links":{"self":[{"href":"https:\/\/www.vinci-construction-projets.com\/es\/wp-json\/wp\/v2\/pages\/10754","targetHints":{"allow":["GET"]}}],"collection":[{"href":"https:\/\/www.vinci-construction-projets.com\/es\/wp-json\/wp\/v2\/pages"}],"about":[{"href":"https:\/\/www.vinci-construction-projets.com\/es\/wp-json\/wp\/v2\/types\/page"}],"author":[{"embeddable":true,"href":"https:\/\/www.vinci-construction-projets.com\/es\/wp-json\/wp\/v2\/users\/17"}],"replies":[{"embeddable":true,"href":"https:\/\/www.vinci-construction-projets.com\/es\/wp-json\/wp\/v2\/comments?post=10754"}],"version-history":[{"count":88,"href":"https:\/\/www.vinci-construction-projets.com\/es\/wp-json\/wp\/v2\/pages\/10754\/revisions"}],"predecessor-version":[{"id":21129,"href":"https:\/\/www.vinci-construction-projets.com\/es\/wp-json\/wp\/v2\/pages\/10754\/revisions\/21129"}],"up":[{"embeddable":true,"href":"https:\/\/www.vinci-construction-projets.com\/es\/wp-json\/wp\/v2\/pages\/11202"}],"wp:attachment":[{"href":"https:\/\/www.vinci-construction-projets.com\/es\/wp-json\/wp\/v2\/media?parent=10754"}],"curies":[{"name":"wp","href":"https:\/\/api.w.org\/{rel}","templated":true}]}}